{"version":"1.0","provider_name":"Basquet Girona","provider_url":"https:\/\/basquetgirona.com\/es\/","author_name":"Pau De Castro","author_url":"https:\/\/basquetgirona.com\/es\/author\/pdcastro\/","title":"GRACIAS, QUINO - Basquet Girona","type":"rich","width":600,"height":338,"html":"<blockquote class=\"wp-embedded-content\" data-secret=\"NgrCJ8SFO6\"><a href=\"https:\/\/basquetgirona.com\/es\/noticia\/gracias-quino\/\">GRACIAS, QUINO<\/a><\/blockquote><iframe sandbox=\"allow-scripts\" security=\"restricted\" src=\"https:\/\/basquetgirona.com\/es\/noticia\/gracias-quino\/embed\/#?secret=NgrCJ8SFO6\" width=\"600\" height=\"338\" title=\"\u00abGRACIAS, QUINO\u00bb \u2014 Basquet Girona\" data-secret=\"NgrCJ8SFO6\" frameborder=\"0\" marginwidth=\"0\" marginheight=\"0\" scrolling=\"no\" class=\"wp-embedded-content\"><\/iframe><script type=\"text\/javascript\">\n\/* <![CDATA[ *\/\n\/*! This file is auto-generated *\/\n!function(d,l){\"use strict\";l.querySelector&&d.addEventListener&&\"undefined\"!=typeof URL&&(d.wp=d.wp||{},d.wp.receiveEmbedMessage||(d.wp.receiveEmbedMessage=function(e){var t=e.data;if((t||t.secret||t.message||t.value)&&!\/[^a-zA-Z0-9]\/.test(t.secret)){for(var s,r,n,a=l.querySelectorAll('iframe[data-secret=\"'+t.secret+'\"]'),o=l.querySelectorAll('blockquote[data-secret=\"'+t.secret+'\"]'),c=new RegExp(\"^https?:$\",\"i\"),i=0;i<o.length;i++)o[i].style.display=\"none\";for(i=0;i<a.length;i++)s=a[i],e.source===s.contentWindow&&(s.removeAttribute(\"style\"),\"height\"===t.message?(1e3<(r=parseInt(t.value,10))?r=1e3:~~r<200&&(r=200),s.height=r):\"link\"===t.message&&(r=new URL(s.getAttribute(\"src\")),n=new URL(t.value),c.test(n.protocol))&&n.host===r.host&&l.activeElement===s&&(d.top.location.href=t.value))}},d.addEventListener(\"message\",d.wp.receiveEmbedMessage,!1),l.addEventListener(\"DOMContentLoaded\",function(){for(var e,t,s=l.querySelectorAll(\"iframe.wp-embedded-content\"),r=0;r<s.length;r++)(t=(e=s[r]).getAttribute(\"data-secret\"))||(t=Math.random().toString(36).substring(2,12),e.src+=\"#?secret=\"+t,e.setAttribute(\"data-secret\",t)),e.contentWindow.postMessage({message:\"ready\",secret:t},\"*\")},!1)))}(window,document);\n\/\/# sourceURL=https:\/\/basquetgirona.com\/wp-includes\/js\/wp-embed.min.js\n\/* ]]> *\/\n<\/script>\n","thumbnail_url":"https:\/\/basquetgirona.com\/wp-content\/uploads\/2024\/06\/1350X1080_Post_Quino_RGB-819x1024.webp","thumbnail_width":819,"thumbnail_height":1024,"description":"Quino Colom no seguir\u00e1 como jugador del B\u00e0squet Girona la pr\u00f3xima temporada. Colom lleg\u00f3 al B\u00e0squet Girona en el 2022 y en sus dos temporadas en las que ha formado parte de nuestro equipo ha jugado 66 partidos de la Liga ACB. El Baloncesto Girona quiere mostrarle todo su agradecimiento por su compromiso y profesionalidad [&hellip;]"}