{"version":"1.0","provider_name":"Basquet Girona","provider_url":"https:\/\/basquetgirona.com\/es\/","author_name":"Pau De Castro","author_url":"https:\/\/basquetgirona.com\/es\/author\/pdcastro\/","title":"S\u00e1bado de Fan Zone, Rojo Giron\u00ed y FontaShow - Basquet Girona","type":"rich","width":600,"height":338,"html":"<blockquote class=\"wp-embedded-content\" data-secret=\"tPWAATSCCY\"><a href=\"https:\/\/basquetgirona.com\/es\/noticia\/sabado-de-fan-zone-rojo-gironi-y-fontashow\/\">S\u00e1bado de Fan Zone, Rojo Giron\u00ed y FontaShow<\/a><\/blockquote><iframe sandbox=\"allow-scripts\" security=\"restricted\" src=\"https:\/\/basquetgirona.com\/es\/noticia\/sabado-de-fan-zone-rojo-gironi-y-fontashow\/embed\/#?secret=tPWAATSCCY\" width=\"600\" height=\"338\" title=\"\u00abS\u00e1bado de Fan Zone, Rojo Giron\u00ed y FontaShow\u00bb \u2014 Basquet Girona\" data-secret=\"tPWAATSCCY\" frameborder=\"0\" marginwidth=\"0\" marginheight=\"0\" scrolling=\"no\" class=\"wp-embedded-content\"><\/iframe><script type=\"text\/javascript\">\n\/* <![CDATA[ *\/\n\/*! This file is auto-generated *\/\n!function(d,l){\"use strict\";l.querySelector&&d.addEventListener&&\"undefined\"!=typeof URL&&(d.wp=d.wp||{},d.wp.receiveEmbedMessage||(d.wp.receiveEmbedMessage=function(e){var t=e.data;if((t||t.secret||t.message||t.value)&&!\/[^a-zA-Z0-9]\/.test(t.secret)){for(var s,r,n,a=l.querySelectorAll('iframe[data-secret=\"'+t.secret+'\"]'),o=l.querySelectorAll('blockquote[data-secret=\"'+t.secret+'\"]'),c=new RegExp(\"^https?:$\",\"i\"),i=0;i<o.length;i++)o[i].style.display=\"none\";for(i=0;i<a.length;i++)s=a[i],e.source===s.contentWindow&&(s.removeAttribute(\"style\"),\"height\"===t.message?(1e3<(r=parseInt(t.value,10))?r=1e3:~~r<200&&(r=200),s.height=r):\"link\"===t.message&&(r=new URL(s.getAttribute(\"src\")),n=new URL(t.value),c.test(n.protocol))&&n.host===r.host&&l.activeElement===s&&(d.top.location.href=t.value))}},d.addEventListener(\"message\",d.wp.receiveEmbedMessage,!1),l.addEventListener(\"DOMContentLoaded\",function(){for(var e,t,s=l.querySelectorAll(\"iframe.wp-embedded-content\"),r=0;r<s.length;r++)(t=(e=s[r]).getAttribute(\"data-secret\"))||(t=Math.random().toString(36).substring(2,12),e.src+=\"#?secret=\"+t,e.setAttribute(\"data-secret\",t)),e.contentWindow.postMessage({message:\"ready\",secret:t},\"*\")},!1)))}(window,document);\n\/\/# sourceURL=https:\/\/basquetgirona.com\/wp-includes\/js\/wp-embed.min.js\n\/* ]]> *\/\n<\/script>\n","thumbnail_url":"https:\/\/basquetgirona.com\/wp-content\/uploads\/2025\/04\/DSC2096-Mejorado-NR-1-1-scaled.webp","thumbnail_width":1920,"thumbnail_height":1280,"description":"El Club ha vivido una temporada en la que la afici\u00f3n ha estado m\u00e1s presente que nunca en Fontajau, una respuesta que va m\u00e1s all\u00e1 de los resultados deportivos. La gran asistencia de p\u00fablico, jornada a jornada, fue una de las claves del \u00e9xito de la temporada. Esta respuesta de la afici\u00f3n nos motiva a [&hellip;]"}